{"version":"1.0","provider_name":"TriplAnya vil\u00e1ga","provider_url":"https:\/\/triplanya.cafeblog.hu","author_name":"TriplAnya","author_url":"https:\/\/triplanya.cafeblog.hu\/author\/susakneancsagmail-com\/","title":"\u00cdgy alak\u00edts ki napi rutint a gyerekednek!","html":"<p>A napirendi k\u00e1rty\u00e1k olyan vizu\u00e1lis seg\u00e9deszk\u00f6z\u00f6k, amelyekkel pontosan k\u00f6vethet\u0151ek a feladatok, \u00edgy k\u00f6nnyebben meg\u00e9rti a gyerek, hogy mit v\u00e1runk el t\u0151le. Ha megszokja a sorrendet akkor sokkal g\u00f6rd\u00fcl\u00e9kenyebbek lesznek a reggeli indul\u00e1sok \u00e9s az esti lefekv\u00e9sek. N\u00e1lunk p\u00e9ld\u00e1ul ny\u00e1ri sz\u00fcnetben is minden ugyan\u00fagy t\u00f6rt\u00e9nt, mint oviid\u0151ben, csak annyi k\u00fcl\u00f6nbs\u00e9ggel, hogy tov\u00e1bb aludhattak. Viszont amikor felkeltek fel\u00f6lt\u00f6ztek, megcsin\u00e1lt\u00e1k az \u00e1gyukat, megreggeliztek, fogat mostak stb. stb. Csup\u00e1n nem indultunk el az \u00f3vod\u00e1ba.<!--more--><\/p>\r\n<p>Persze a kor\u00e1n kel\u00e9shez is mindenkinek vissza kellett szoknia, \u00fagyhogy augusztus utols\u00f3 1,5 het\u00e9ben fokozatosan egyre el\u0151bb kezdt\u00fck \u0151ket fel\u00e9breszteni, viszont \u00edgy nem volt probl\u00e9ma h\u00e9tf\u0151n az indul\u00e1ssal. Am\u00fagy is kor\u00e1bban kell indulnunk az ovishoz k\u00e9pest, mert m\u00e1r Egyesk\u00e9t iskol\u00e1ba kell vinni \u00e9s, m\u00edg az \u00f3vod\u00e1ba nyugodtan be\u00e9rhett\u00fcnk 8-f\u00e9l9 k\u00f6z\u00f6tt most bizony ott kell lenni legk\u00e9s\u0151bb 3\/4 8-ig \u00e9s onnan m\u00e9g \u00e1t kell \u00e9rni az oviba, \u00e9s m\u00e9g t\u00e9l sincs, \u00e9s m\u00e9g a t\u00f6k\u00e9letes egyben leggyorsabb \u00fatvonalat is keress\u00fck, a parkol\u00f3helyekr\u0151l nem is besz\u00e9lve. Sz\u00f3val nem tehetj\u00fck meg, hogy arra fecs\u00e9relj\u00fck az id\u0151t, hogy egy\u00e9l m\u00e1r...mosd m\u00e1r a fogad...h\u00fazd m\u00e1r a cip\u0151d...<\/p>\r\n<p><strong>Hogyan legyenek k\u00e1rty\u00e1ink?<\/strong><\/p>\r\n<p>Amikor el\u0151sz\u00f6r elkezdt\u00fcnk naprendi k\u00e1rty\u00e1kat haszn\u00e1lni, m\u00e9g \u00e9n szerkesztettem, nyomtattam, lamin\u00e1ltam, sz\u00f3val ha van hozz\u00e1 kedved, id\u0151d \u00e9s f\u0151k\u00e9nt t\u00fcrelmed, akkor nyugodtan \u00e1llj neki elk\u00e9sz\u00edteni. Viszont ma m\u00e1r<a href=\"https:\/\/sweetlittlehome.hu\/termek\/reggeli-es-esti-rutin-kartyak\/\"> Sweet Little Home<\/a> k\u00e1rty\u00e1it haszn\u00e1ljuk. A kicsiknek mindenk\u00e9ppen valamilyen rajzos, de j\u00f3l felismerhet\u0151 k\u00e9pet javasolok haszn\u00e1lni \u00e9s gy\u0151z\u0151dj meg r\u00f3la, hogy \u00e9rti mit \u00e1br\u00e1zol a k\u00e9p. El\u0151sz\u00f6r ismerkedni kell vele, azt\u00e1n p\u00e1rszor v\u00e9gig j\u00e1tszani \u00e9s ut\u00e1na mehet \u00e9lesben. Ak\u00e1r n\u00e9h\u00e1ny nap alatt is megszokhatja, de ne add fel akkor sem ha kicsit tov\u00e1bb tart. Nagyobbaknak, akik m\u00e1r tudnak olvasni, lehet sz\u00f6veg+k\u00e9p kombin\u00e1ci\u00f3t is alkalmazni.<\/p>\r\n<p><strong>Milyen k\u00e1rty\u00e1k lehetnek?<\/strong><\/p>\r\n<p>A sorrend f\u0151k\u00e9nt t\u0151letek \u00e9s a csal\u00e1di szok\u00e1sokt\u00f3l f\u00fcgg, valamint biztos vannak olyan szok\u00e1saitok amik nem jutnak eszembe, vagy nek\u00fcnk nincs r\u00e1 sz\u00fcks\u00e9g\u00fcnk (p\u00e9ld\u00e1ul etesd meg a kuty\u00e1t\/macsk\u00e1t, vagy n\u00e1lunk m\u00e9g senkinek sem kell h\u00e1zi feladatot \u00edrnia) nyugodtan eg\u00e9sz\u00edtsd ki a list\u00e1t ha kihagytam valamit. Nincs mindenre k\u00e1rty\u00e1nk van amit csak megszoktak, mert mindig ugyan\u00fagy t\u00f6rt\u00e9nik, de az\u00e9rt bele\u00edrtam, mert \u00edgy lesz kerek.<\/p>\r\n<p><em>Reggeli rutin:<\/em><\/p>\r\n<ul>\r\n<li>edd meg a reggelit<\/li>\r\n<li>tedd a t\u00e1ny\u00e9rt a mosogat\u00f3ba<\/li>\r\n<li>mosd meg a fogad<\/li>\r\n<li>mosd meg az arcod<\/li>\r\n<li>\u00f6lt\u00f6zz fel<\/li>\r\n<li>csin\u00e1ld meg a hajad (ezt Egyeske el\u0151szeretettel \u00e1tugorja...)<\/li>\r\n<li>\u00e1gyazz be<\/li>\r\n<li>tedd el az uzsonn\u00e1d<\/li>\r\n<li>vedd fel a cip\u0151t<\/li>\r\n<li>vedd fel a pulcsit\/kab\u00e1tot<\/li>\r\n<li>indul\u00e1s az oviba\/suliba<\/li>\r\n<\/ul>\r\n[caption id=\"attachment_292469\" align=\"alignnone\" width=\"2048\"]<img class=\"size-full wp-image-292469\" src=\"https:\/\/anyaugyek.cafeblog.hu\/files\/2018\/09\/LRM_EXPORT_20180817_075947.jpg\" alt=\"reggeli rutin kialakitasa\" width=\"2048\" height=\"2048\" \/> <a href=\"https:\/\/sweetlittlehome.hu\/termek\/reggeli-es-esti-rutin-kartyak\/\">Sweet Little Home<\/a> reggeli rutink\u00e1rty\u00e1i - pl. fogmos\u00e1s, wc-z\u00e9s, reggeli, fel\u00f6lt\u00f6z\u00e9s, \u00e1gyaz\u00e1s stb. stb.[\/caption]\r\n<p><em>Esti rutin:<\/em><\/p>\r\n<ul>\r\n<li>tedd a pulcsit\/kab\u00e1tot\/t\u00e1sk\u00e1t a hely\u00e9re<\/li>\r\n<li>vedd le a cip\u0151t (j\u00f3 esetben siker\u00fcl m\u00e9g az el\u0151szob\u00e1ban, rosszabb esetben m\u00e1r csak a nappaliban)<\/li>\r\n<li>tedd ki az uzsonn\u00e1s dobozt a konyh\u00e1ba<\/li>\r\n<li>j\u00e1t\u00e9k, szabadid\u0151<\/li>\r\n<li>vacsora<\/li>\r\n<li>s\u00e9ta (lak\u00e1sban lakunk, szinte minden nap amikor az id\u0151j\u00e1r\u00e1s engedi elmegy\u00fcnk egy f\u00e9l-3\/4 \u00f3r\u00e1t s\u00e9t\u00e1lni, k\u00fcl\u00f6nben teljesen bezizd\u00fclnek)<\/li>\r\n<li>nyugodt j\u00e1t\u00e9k (ilyenkor m\u00e1r nincs rohang\u00e1l\u00e1s)<\/li>\r\n<li>tedd a j\u00e1t\u00e9kokat a hely\u00e9re<\/li>\r\n<li>f\u00fcrd\u00e9s<\/li>\r\n<li>mese n\u00e9z\u00e9s (gyakran hangoztatom, hogy szerintem nem \u00f6rd\u00f6gt\u0151l val\u00f3 a TV, \u00e9s norm\u00e1lis keretek k\u00f6z\u00f6tt belef\u00e9r egy kis mese. \u00c1ltal\u00e1ban valami kis sorozat, ami a Minimaxon vagy valamelyik gyerek csatorn\u00e1n \u00e9ppen megy, k\u00f6zben ha nem vacsor\u00e1ztak rendesen akkor m\u00e9g ehetnek valami gy\u00fcm\u00f6lcs\u00f6t)<\/li>\r\n<li>fogmos\u00e1s<\/li>\r\n<li>esti mese olvas\u00e1s (ezt n\u00e1lunk a nagyoknak F\u00e9rjecske olvassa. Az\u00e9rt alakult ez \u00edgy ki, mert \u00e9n kellettem H\u00e1rmask\u00e1nak az elalv\u00e1shoz \u00e9s mivel a nagyok sincsenek sokkal tov\u00e1bb fent mint \u0151, ez\u00e9rt apa kapta ezt a szuper feladatot. Maximum ha n\u00e9ha nincs itthon altat\u00e1skor akkor szabad nekik tov\u00e1bb \u00e9bren lenni, nyilv\u00e1n hogy bek\u00eds\u00e9rjem \u0151ket \u00e9s elolvassam a mes\u00e9t)<\/li>\r\n<\/ul>\r\n[caption id=\"attachment_292470\" align=\"alignnone\" width=\"2048\"]<img class=\"size-full wp-image-292470\" src=\"https:\/\/anyaugyek.cafeblog.hu\/files\/2018\/09\/LRM_EXPORT_20180817_075859.jpg\" alt=\"esti rutinkartya\" width=\"2048\" height=\"2048\" \/> <a href=\"https:\/\/sweetlittlehome.hu\/termek\/reggeli-es-esti-rutin-kartyak\/\">Sweet Little Home<\/a> esti rutink\u00e1rty\u00e1i - pl. vacsora, j\u00e1t\u00e9k, elpakol\u00e1s, lefekv\u00e9s, esti mese[\/caption]\r\n<p><strong>Hol \u00e9s hogyan helyezz\u00fck el a k\u00e1rty\u00e1kat?<\/strong><\/p>\r\n<p>Ak\u00e1r magadnak k\u00e9sz\u00edted el, ak\u00e1r m\u00e1r elk\u00e9sz\u00fclt k\u00e1rty\u00e1kat haszn\u00e1lsz \u00e9n legink\u00e1bb 3 m\u00f3dszert aj\u00e1nlok.\u00a0<\/p>\r\n<ol>\r\n<li>ragassz a k\u00e1rty\u00e1k h\u00e1tulj\u00e1ra m\u00e1gnes szalagot (\u00e9n kreat\u00edv hobbi boltban szoktam venni, de biztos lehet m\u00e1shol is) \u00e9s azzal tedd fel a h\u0171t\u0151re.<\/li>\r\n<li>ugyanez csak gyurmaragaszt\u00f3val (k\u00f6nnyebben lehet megford\u00edtani \u00e9s nem csak a h\u0171t\u0151re, hanem ak\u00e1r falra, ajt\u00f3ra, szekr\u00e9nyre is fel lehet tenni)<\/li>\r\n<li>n\u00e1lunk ahogy a vide\u00f3ban is l\u00e1tszik \u00e9n kilyukasztottam \u00e9s k\u00e9sz\u00edtettem neki egy t\u00e1bl\u00e1t.<\/li>\r\n<\/ol>\r\n<p>[embed]https:\/\/www.instagram.com\/p\/Bmuy06mgcpn\/?utm_source=ig_web_copy_link[\/embed]<\/p>\r\n<p>Saj\u00e1tos nevel\u00e9si ig\u00e9ny\u0171 gyerekeknek sokszor nehez\u00fckre esik egyik tev\u00e9kenys\u00e9get befejezni\u00fck \u00e9s egy m\u00e1sikba belekezdeni. N\u00e1luk jobb \u00fagy, ha f\u00fcgg\u0151legesen (fentr\u0151l lefel\u00e9) minden k\u00e1rtya l\u00e1that\u00f3, amelyik cselekv\u00e9s v\u00e9get \u00e9r, azt vedd le (vagy m\u00e9g jobb ha tudja akkor vegye le \u0151) \u00e9s tedd el egy bor\u00edt\u00e9kba, vagy kos\u00e1rba (gyurmaragaszt\u00f3 eset\u00e9ben ford\u00edts\u00e1tok meg) ezzel jelezve, hogy v\u00e9ge van \u00e9s \u00e1t kell t\u00e9rni arra a tev\u00e9kenys\u00e9gre, amit a k\u00f6vetkez\u0151 k\u00e1rtya \u00e1br\u00e1zol. Rengeteg harcot, kiborul\u00e1st, ellenkez\u00e9st el\u0151zhet\u00fcnk meg vele. \u0150szint\u00e9n megmondom, hogy mi Ketteske autizmus gyan\u00faja miatt kezdt\u00fcnk el haszn\u00e1lni rutink\u00e1rty\u00e1kat (akkor m\u00e9g nem besz\u00e9lt, ez\u00e9rt p\u00e1rhuzamosan a PECS k\u00e1rty\u00e1kkal), de annyira bej\u00f6tt, hogy Egyesk\u00e9nek is bevezett\u00fck, H\u00e1rmaska meg m\u00e1r ugye folyamatosan ebbe n\u0151 bele.<\/p>\r\n<p>Nekem is van napi rutinom, de az majd egy m\u00e1sik t\u00f6rt\u00e9net lesz.<\/p>\r\n<p>Ha szeretn\u00e9tek a rutink\u00e1rty\u00e1kat megv\u00e1s\u00e1rolni akkor Sweet Little Home webshopj\u00e1ban haszn\u00e1lj\u00e1tok a <strong>TRIPLANYA<\/strong> kuponk\u00f3dot 2018. szeptember 9-ig \u00e9s 2.490 forint helyett 1.990 forint\u00e9rt lehet megrendelni (nekem ebb\u0151l semmi hasznom nem sz\u00e1rmazik, viszont nagyon h\u00e1l\u00e1s vagyok Kat\u00e1nak a felaj\u00e1nl\u00e1s\u00e9rt az olvas\u00f3k nev\u00e9ben)<\/p>","type":"rich","thumbnail_url":"https:\/\/triplanya.cafeblog.hu\/files\/2018\/09\/LRM_EXPORT_20180817_074722-150x150.jpg","thumbnail_width":150,"thumbnail_height":150}